{"id":41096,"date":"2022-08-08T13:42:23","date_gmt":"2022-08-08T11:42:23","guid":{"rendered":"https:\/\/pre.efe.com\/?page_id=41096"},"modified":"2022-09-19T14:30:27","modified_gmt":"2022-09-19T12:30:27","slug":"agenda-digital-mundial-efe","status":"publish","type":"page","link":"https:\/\/pre.efe.com\/pt-br\/agenda-digital-mundial-efe\/","title":{"rendered":"Agenda digital mundial EFE"},"content":{"rendered":"\t\t<div data-elementor-type=\"wp-page\" data-elementor-id=\"41096\" class=\"elementor elementor-41096\" data-elementor-post-type=\"page\">\n\t\t\t\t\t\t<section class=\"elementor-section elementor-top-section elementor-element elementor-element-4f45aa24 elementor-section-stretched elementor-hidden-desktop elementor-hidden-tablet elementor-hidden-mobile elementor-section-boxed elementor-section-height-default elementor-section-height-default\" data-id=\"4f45aa24\" data-element_type=\"section\" data-e-type=\"section\" data-settings=\"{&quot;stretch_section&quot;:&quot;section-stretched&quot;,&quot;background_background&quot;:&quot;classic&quot;}\">\n\t\t\t\t\t\t<div class=\"elementor-container elementor-column-gap-default\">\n\t\t\t\t\t<div class=\"elementor-column elementor-col-100 elementor-top-column elementor-element elementor-element-4dec6ff9\" data-id=\"4dec6ff9\" data-element_type=\"column\" data-e-type=\"column\">\n\t\t\t<div class=\"elementor-widget-wrap elementor-element-populated\">\n\t\t\t\t\t\t<div class=\"elementor-element elementor-element-4bddaac elementor-widget elementor-widget-heading\" data-id=\"4bddaac\" data-element_type=\"widget\" data-e-type=\"widget\" data-widget_type=\"heading.default\">\n\t\t\t\t<div class=\"elementor-widget-container\">\n\t\t\t\t\t<h1 class=\"elementor-heading-title elementor-size-default\">Contenidos de actualidad<\/h1>\t\t\t\t<\/div>\n\t\t\t\t<\/div>\n\t\t\t\t\t<\/div>\n\t\t<\/div>\n\t\t\t\t\t<\/div>\n\t\t<\/section>\n\t\t\t\t<section class=\"elementor-section elementor-top-section elementor-element elementor-element-5f154126 elementor-section-full_width elementor-section-stretched agenda elementor-section-height-default elementor-section-height-default\" data-id=\"5f154126\" data-element_type=\"section\" data-e-type=\"section\" data-settings=\"{&quot;stretch_section&quot;:&quot;section-stretched&quot;}\">\n\t\t\t\t\t\t<div class=\"elementor-container elementor-column-gap-default\">\n\t\t\t\t\t<div class=\"elementor-column elementor-col-100 elementor-top-column elementor-element elementor-element-3e7bb36a parallax-parent\" data-id=\"3e7bb36a\" data-element_type=\"column\" data-e-type=\"column\" data-settings=\"{&quot;background_background&quot;:&quot;classic&quot;}\">\n\t\t\t<div class=\"elementor-widget-wrap elementor-element-populated\">\n\t\t\t\t\t\t<div class=\"elementor-element elementor-element-2ad9f14b image-parallax elementor-widget elementor-widget-image\" data-id=\"2ad9f14b\" data-element_type=\"widget\" data-e-type=\"widget\" data-widget_type=\"image.default\">\n\t\t\t\t<div class=\"elementor-widget-container\">\n\t\t\t\t\t\t\t\t\t\t\t\t\t\t\t<img fetchpriority=\"high\" decoding=\"async\" width=\"1909\" height=\"669\" src=\"https:\/\/pre.efe.com\/wp-content\/uploads\/2022\/08\/cabecera-agenda-2.jpg\" class=\"attachment-full size-full wp-image-44312\" alt=\"\" srcset=\"https:\/\/pre.efe.com\/wp-content\/uploads\/2022\/08\/cabecera-agenda-2.jpg 1909w, https:\/\/pre.efe.com\/wp-content\/uploads\/2022\/08\/cabecera-agenda-2-300x105.jpg 300w, https:\/\/pre.efe.com\/wp-content\/uploads\/2022\/08\/cabecera-agenda-2-1024x359.jpg 1024w, https:\/\/pre.efe.com\/wp-content\/uploads\/2022\/08\/cabecera-agenda-2-768x269.jpg 768w, https:\/\/pre.efe.com\/wp-content\/uploads\/2022\/08\/cabecera-agenda-2-1536x538.jpg 1536w, https:\/\/pre.efe.com\/wp-content\/uploads\/2022\/08\/cabecera-agenda-2-430x151.jpg 430w, https:\/\/pre.efe.com\/wp-content\/uploads\/2022\/08\/cabecera-agenda-2-1200x421.jpg 1200w\" sizes=\"(max-width: 1909px) 100vw, 1909px\" \/>\t\t\t\t\t\t\t\t\t\t\t\t\t\t\t<\/div>\n\t\t\t\t<\/div>\n\t\t\t\t\t<\/div>\n\t\t<\/div>\n\t\t\t\t\t<\/div>\n\t\t<\/section>\n\t\t\t\t<section class=\"elementor-section elementor-top-section elementor-element elementor-element-124ba096 elementor-section-stretched elementor-section-full_width elementor-section-height-default elementor-section-height-default\" data-id=\"124ba096\" data-element_type=\"section\" data-e-type=\"section\" data-settings=\"{&quot;stretch_section&quot;:&quot;section-stretched&quot;,&quot;background_background&quot;:&quot;classic&quot;}\">\n\t\t\t\t\t\t<div class=\"elementor-container elementor-column-gap-default\">\n\t\t\t\t\t<div class=\"elementor-column elementor-col-100 elementor-top-column elementor-element elementor-element-47e37203\" data-id=\"47e37203\" data-element_type=\"column\" data-e-type=\"column\">\n\t\t\t<div class=\"elementor-widget-wrap elementor-element-populated\">\n\t\t\t\t\t\t<section class=\"elementor-section elementor-inner-section elementor-element elementor-element-29121f7 content-section content-order elementor-section-boxed elementor-section-height-default elementor-section-height-default\" data-id=\"29121f7\" data-element_type=\"section\" data-e-type=\"section\" data-settings=\"{&quot;background_background&quot;:&quot;classic&quot;}\">\n\t\t\t\t\t\t<div class=\"elementor-container elementor-column-gap-default\">\n\t\t\t\t\t<div class=\"elementor-column elementor-col-50 elementor-inner-column elementor-element elementor-element-47fb20b0 content-image elementor-invisible\" data-id=\"47fb20b0\" data-element_type=\"column\" data-e-type=\"column\" data-settings=\"{&quot;background_background&quot;:&quot;classic&quot;,&quot;animation&quot;:&quot;pulse&quot;}\">\n\t\t\t<div class=\"elementor-widget-wrap elementor-element-populated\">\n\t\t\t\t\t\t<div class=\"elementor-element elementor-element-5cca1c1e elementor-widget elementor-widget-spacer\" data-id=\"5cca1c1e\" data-element_type=\"widget\" data-e-type=\"widget\" data-widget_type=\"spacer.default\">\n\t\t\t\t<div class=\"elementor-widget-container\">\n\t\t\t\t\t\t\t<div class=\"elementor-spacer\">\n\t\t\t<div class=\"elementor-spacer-inner\"><\/div>\n\t\t<\/div>\n\t\t\t\t\t\t<\/div>\n\t\t\t\t<\/div>\n\t\t\t\t\t<\/div>\n\t\t<\/div>\n\t\t\t\t<div class=\"elementor-column elementor-col-50 elementor-inner-column elementor-element elementor-element-76a36bd4 content-text elementor-invisible\" data-id=\"76a36bd4\" data-element_type=\"column\" data-e-type=\"column\" data-settings=\"{&quot;animation&quot;:&quot;fadeInRight&quot;}\">\n\t\t\t<div class=\"elementor-widget-wrap elementor-element-populated\">\n\t\t\t\t\t\t<div class=\"elementor-element elementor-element-5c8e2e61 elementor-widget elementor-widget-heading\" data-id=\"5c8e2e61\" data-element_type=\"widget\" data-e-type=\"widget\" data-widget_type=\"heading.default\">\n\t\t\t\t<div class=\"elementor-widget-container\">\n\t\t\t\t\t<h2 class=\"elementor-heading-title elementor-size-default\">Agenda Digital Mundial EFE<\/h2>\t\t\t\t<\/div>\n\t\t\t\t<\/div>\n\t\t\t\t<div class=\"elementor-element elementor-element-40ec78a elementor-widget elementor-widget-heading\" data-id=\"40ec78a\" data-element_type=\"widget\" data-e-type=\"widget\" data-widget_type=\"heading.default\">\n\t\t\t\t<div class=\"elementor-widget-container\">\n\t\t\t\t\t<h3 class=\"elementor-heading-title elementor-size-default\">A melhor ferramenta de dados sobre eventos em diversas \u00e1reas<\/h3>\t\t\t\t<\/div>\n\t\t\t\t<\/div>\n\t\t\t\t<div class=\"elementor-element elementor-element-5964cc53 elementor-widget elementor-widget-text-editor\" data-id=\"5964cc53\" data-element_type=\"widget\" data-e-type=\"widget\" data-widget_type=\"text-editor.default\">\n\t\t\t\t<div class=\"elementor-widget-container\">\n\t\t\t\t\t\t\t\t\t<p>A Agenda Digital Mundial da EFE fornece um banco de dados com eventos que ser\u00e3o realizados, das mais variadas \u00e1reas.<\/p><p>Ela \u00e9 alimentada pelos departamentos e se\u00e7\u00f5es da EFE em sua central, por delega\u00e7\u00f5es e correspondentes em todo o mundo, assim como por clientes, que podem incluir suas pr\u00f3prias datas, e fornecedores externos autorizados.<\/p><p>A agenda conta com duas vertentes. De um lado, a de eventos de interesse informativo geral, para quem quer saber quando e onde vai acontecer. De outro, a relacionada ao entretenimento em todas as suas facetas.<\/p>\t\t\t\t\t\t\t\t<\/div>\n\t\t\t\t<\/div>\n\t\t\t\t\t<\/div>\n\t\t<\/div>\n\t\t\t\t\t<\/div>\n\t\t<\/section>\n\t\t\t\t\t<\/div>\n\t\t<\/div>\n\t\t\t\t\t<\/div>\n\t\t<\/section>\n\t\t\t\t<\/div>\n\t\t","protected":false},"excerpt":{"rendered":"<p>Contenidos de actualidad Agenda Digital Mundial EFE A melhor ferramenta de dados sobre eventos em diversas \u00e1reas A Agenda Digital Mundial da EFE fornece um banco de dados com eventos que ser\u00e3o realizados, das mais variadas \u00e1reas. Ela \u00e9 alimentada pelos departamentos e se\u00e7\u00f5es da EFE em sua central, por delega\u00e7\u00f5es e correspondentes em todo &#8230; <a title=\"Agenda digital mundial EFE\" class=\"read-more\" href=\"https:\/\/pre.efe.com\/pt-br\/agenda-digital-mundial-efe\/\" aria-label=\"Read more about Agenda digital mundial EFE\">Leia mais<\/a><\/p>\n","protected":false},"author":198164071,"featured_media":0,"parent":0,"menu_order":0,"comment_status":"closed","ping_status":"closed","template":"","meta":{"_acf_changed":false,"footnotes":""},"class_list":["post-41096","page","type-page","status-publish"],"acf":[],"yoast_head":"<!-- This site is optimized with the Yoast SEO Premium plugin v26.0 (Yoast SEO v27.5) - https:\/\/yoast.com\/product\/yoast-seo-premium-wordpress\/ -->\n<title>Agenda digital mundial EFE - EFE Noticias<\/title>\n<meta name=\"robots\" content=\"noindex, follow\" \/>\n<meta property=\"og:locale\" content=\"pt_BR\" \/>\n<meta property=\"og:type\" content=\"article\" \/>\n<meta property=\"og:title\" content=\"Agenda digital mundial EFE\" \/>\n<meta property=\"og:description\" content=\"Contenidos de actualidad Agenda Digital Mundial EFE A melhor ferramenta de dados sobre eventos em diversas \u00e1reas A Agenda Digital Mundial da EFE fornece um banco de dados com eventos que ser\u00e3o realizados, das mais variadas \u00e1reas. Ela \u00e9 alimentada pelos departamentos e se\u00e7\u00f5es da EFE em sua central, por delega\u00e7\u00f5es e correspondentes em todo ... Leia mais\" \/>\n<meta property=\"og:url\" content=\"https:\/\/pre.efe.com\/pt-br\/agenda-digital-mundial-efe\/\" \/>\n<meta property=\"og:site_name\" content=\"EFE Noticias\" \/>\n<meta property=\"article:publisher\" content=\"https:\/\/www.facebook.com\/AgenciaEFEnoticias\/\" \/>\n<meta property=\"article:modified_time\" content=\"2022-09-19T12:30:27+00:00\" \/>\n<meta property=\"og:image\" content=\"https:\/\/pre.efe.com\/wp-content\/uploads\/2022\/08\/cabecera-agenda-2.jpg\" \/>\n<meta name=\"twitter:card\" content=\"summary_large_image\" \/>\n<meta name=\"twitter:site\" content=\"@efenoticias\" \/>\n<script type=\"application\/ld+json\" class=\"yoast-schema-graph\">{\"@context\":\"https:\\\/\\\/schema.org\",\"@graph\":[{\"@type\":\"WebPage\",\"@id\":\"https:\\\/\\\/pre.efe.com\\\/pt-br\\\/agenda-digital-mundial-efe\\\/\",\"url\":\"https:\\\/\\\/pre.efe.com\\\/pt-br\\\/agenda-digital-mundial-efe\\\/\",\"name\":\"Agenda digital mundial EFE - EFE Noticias\",\"isPartOf\":{\"@id\":\"https:\\\/\\\/pre.efe.com\\\/pt-br\\\/#website\"},\"primaryImageOfPage\":{\"@id\":\"https:\\\/\\\/pre.efe.com\\\/pt-br\\\/agenda-digital-mundial-efe\\\/#primaryimage\"},\"image\":{\"@id\":\"https:\\\/\\\/pre.efe.com\\\/pt-br\\\/agenda-digital-mundial-efe\\\/#primaryimage\"},\"thumbnailUrl\":\"https:\\\/\\\/pre.efe.com\\\/wp-content\\\/uploads\\\/2022\\\/08\\\/cabecera-agenda-2.jpg\",\"datePublished\":\"2022-08-08T11:42:23+00:00\",\"dateModified\":\"2022-09-19T12:30:27+00:00\",\"breadcrumb\":{\"@id\":\"https:\\\/\\\/pre.efe.com\\\/pt-br\\\/agenda-digital-mundial-efe\\\/#breadcrumb\"},\"inLanguage\":\"pt-BR\",\"potentialAction\":[{\"@type\":\"ReadAction\",\"target\":[\"https:\\\/\\\/pre.efe.com\\\/pt-br\\\/agenda-digital-mundial-efe\\\/\"]}]},{\"@type\":\"ImageObject\",\"inLanguage\":\"pt-BR\",\"@id\":\"https:\\\/\\\/pre.efe.com\\\/pt-br\\\/agenda-digital-mundial-efe\\\/#primaryimage\",\"url\":\"https:\\\/\\\/pre.efe.com\\\/wp-content\\\/uploads\\\/2022\\\/08\\\/cabecera-agenda-2.jpg\",\"contentUrl\":\"https:\\\/\\\/pre.efe.com\\\/wp-content\\\/uploads\\\/2022\\\/08\\\/cabecera-agenda-2.jpg\"},{\"@type\":\"BreadcrumbList\",\"@id\":\"https:\\\/\\\/pre.efe.com\\\/pt-br\\\/agenda-digital-mundial-efe\\\/#breadcrumb\",\"itemListElement\":[{\"@type\":\"ListItem\",\"position\":1,\"name\":\"Portada\",\"item\":\"https:\\\/\\\/pre.efe.com\\\/pt-br\\\/\"},{\"@type\":\"ListItem\",\"position\":2,\"name\":\"Agenda digital mundial EFE\"}]},{\"@type\":\"WebSite\",\"@id\":\"https:\\\/\\\/pre.efe.com\\\/pt-br\\\/#website\",\"url\":\"https:\\\/\\\/pre.efe.com\\\/pt-br\\\/\",\"name\":\"EFE Noticias\",\"description\":\"\",\"publisher\":{\"@id\":\"https:\\\/\\\/pre.efe.com\\\/pt-br\\\/#organization\"},\"potentialAction\":[{\"@type\":\"SearchAction\",\"target\":{\"@type\":\"EntryPoint\",\"urlTemplate\":\"https:\\\/\\\/pre.efe.com\\\/pt-br\\\/?s={search_term_string}\"},\"query-input\":{\"@type\":\"PropertyValueSpecification\",\"valueRequired\":true,\"valueName\":\"search_term_string\"}}],\"inLanguage\":\"pt-BR\"},{\"@type\":\"Organization\",\"@id\":\"https:\\\/\\\/pre.efe.com\\\/pt-br\\\/#organization\",\"name\":\"Agencia EFE\",\"url\":\"https:\\\/\\\/pre.efe.com\\\/pt-br\\\/\",\"logo\":{\"@type\":\"ImageObject\",\"inLanguage\":\"pt-BR\",\"@id\":\"https:\\\/\\\/pre.efe.com\\\/pt-br\\\/#\\\/schema\\\/logo\\\/image\\\/\",\"url\":\"https:\\\/\\\/pre.efe.com\\\/wp-content\\\/uploads\\\/2023\\\/06\\\/logo-efe-467.png\",\"contentUrl\":\"https:\\\/\\\/pre.efe.com\\\/wp-content\\\/uploads\\\/2023\\\/06\\\/logo-efe-467.png\",\"width\":467,\"height\":467,\"caption\":\"Agencia EFE\"},\"image\":{\"@id\":\"https:\\\/\\\/pre.efe.com\\\/pt-br\\\/#\\\/schema\\\/logo\\\/image\\\/\"},\"sameAs\":[\"https:\\\/\\\/www.facebook.com\\\/AgenciaEFEnoticias\\\/\",\"https:\\\/\\\/x.com\\\/efenoticias\",\"https:\\\/\\\/www.instagram.com\\\/efe_noticias\\\/\",\"http:\\\/\\\/www.youtube.com\\\/efe\"]}]}<\/script>\n<!-- \/ Yoast SEO Premium plugin. -->","yoast_head_json":{"title":"Agenda digital mundial EFE - EFE Noticias","robots":{"index":"noindex","follow":"follow"},"og_locale":"pt_BR","og_type":"article","og_title":"Agenda digital mundial EFE","og_description":"Contenidos de actualidad Agenda Digital Mundial EFE A melhor ferramenta de dados sobre eventos em diversas \u00e1reas A Agenda Digital Mundial da EFE fornece um banco de dados com eventos que ser\u00e3o realizados, das mais variadas \u00e1reas. Ela \u00e9 alimentada pelos departamentos e se\u00e7\u00f5es da EFE em sua central, por delega\u00e7\u00f5es e correspondentes em todo ... Leia mais","og_url":"https:\/\/pre.efe.com\/pt-br\/agenda-digital-mundial-efe\/","og_site_name":"EFE Noticias","article_publisher":"https:\/\/www.facebook.com\/AgenciaEFEnoticias\/","article_modified_time":"2022-09-19T12:30:27+00:00","og_image":[{"url":"https:\/\/pre.efe.com\/wp-content\/uploads\/2022\/08\/cabecera-agenda-2.jpg","type":"","width":"","height":""}],"twitter_card":"summary_large_image","twitter_site":"@efenoticias","schema":{"@context":"https:\/\/schema.org","@graph":[{"@type":"WebPage","@id":"https:\/\/pre.efe.com\/pt-br\/agenda-digital-mundial-efe\/","url":"https:\/\/pre.efe.com\/pt-br\/agenda-digital-mundial-efe\/","name":"Agenda digital mundial EFE - EFE Noticias","isPartOf":{"@id":"https:\/\/pre.efe.com\/pt-br\/#website"},"primaryImageOfPage":{"@id":"https:\/\/pre.efe.com\/pt-br\/agenda-digital-mundial-efe\/#primaryimage"},"image":{"@id":"https:\/\/pre.efe.com\/pt-br\/agenda-digital-mundial-efe\/#primaryimage"},"thumbnailUrl":"https:\/\/pre.efe.com\/wp-content\/uploads\/2022\/08\/cabecera-agenda-2.jpg","datePublished":"2022-08-08T11:42:23+00:00","dateModified":"2022-09-19T12:30:27+00:00","breadcrumb":{"@id":"https:\/\/pre.efe.com\/pt-br\/agenda-digital-mundial-efe\/#breadcrumb"},"inLanguage":"pt-BR","potentialAction":[{"@type":"ReadAction","target":["https:\/\/pre.efe.com\/pt-br\/agenda-digital-mundial-efe\/"]}]},{"@type":"ImageObject","inLanguage":"pt-BR","@id":"https:\/\/pre.efe.com\/pt-br\/agenda-digital-mundial-efe\/#primaryimage","url":"https:\/\/pre.efe.com\/wp-content\/uploads\/2022\/08\/cabecera-agenda-2.jpg","contentUrl":"https:\/\/pre.efe.com\/wp-content\/uploads\/2022\/08\/cabecera-agenda-2.jpg"},{"@type":"BreadcrumbList","@id":"https:\/\/pre.efe.com\/pt-br\/agenda-digital-mundial-efe\/#breadcrumb","itemListElement":[{"@type":"ListItem","position":1,"name":"Portada","item":"https:\/\/pre.efe.com\/pt-br\/"},{"@type":"ListItem","position":2,"name":"Agenda digital mundial EFE"}]},{"@type":"WebSite","@id":"https:\/\/pre.efe.com\/pt-br\/#website","url":"https:\/\/pre.efe.com\/pt-br\/","name":"EFE Noticias","description":"","publisher":{"@id":"https:\/\/pre.efe.com\/pt-br\/#organization"},"potentialAction":[{"@type":"SearchAction","target":{"@type":"EntryPoint","urlTemplate":"https:\/\/pre.efe.com\/pt-br\/?s={search_term_string}"},"query-input":{"@type":"PropertyValueSpecification","valueRequired":true,"valueName":"search_term_string"}}],"inLanguage":"pt-BR"},{"@type":"Organization","@id":"https:\/\/pre.efe.com\/pt-br\/#organization","name":"Agencia EFE","url":"https:\/\/pre.efe.com\/pt-br\/","logo":{"@type":"ImageObject","inLanguage":"pt-BR","@id":"https:\/\/pre.efe.com\/pt-br\/#\/schema\/logo\/image\/","url":"https:\/\/pre.efe.com\/wp-content\/uploads\/2023\/06\/logo-efe-467.png","contentUrl":"https:\/\/pre.efe.com\/wp-content\/uploads\/2023\/06\/logo-efe-467.png","width":467,"height":467,"caption":"Agencia EFE"},"image":{"@id":"https:\/\/pre.efe.com\/pt-br\/#\/schema\/logo\/image\/"},"sameAs":["https:\/\/www.facebook.com\/AgenciaEFEnoticias\/","https:\/\/x.com\/efenoticias","https:\/\/www.instagram.com\/efe_noticias\/","http:\/\/www.youtube.com\/efe"]}]}},"jetpack_shortlink":"https:\/\/wp.me\/PeJvHm-aGQ","jetpack_sharing_enabled":true,"_links":{"self":[{"href":"https:\/\/pre.efe.com\/pt-br\/wp-json\/wp\/v2\/pages\/41096","targetHints":{"allow":["GET"]}}],"collection":[{"href":"https:\/\/pre.efe.com\/pt-br\/wp-json\/wp\/v2\/pages"}],"about":[{"href":"https:\/\/pre.efe.com\/pt-br\/wp-json\/wp\/v2\/types\/page"}],"author":[{"embeddable":true,"href":"https:\/\/pre.efe.com\/pt-br\/wp-json\/wp\/v2\/users\/198164071"}],"replies":[{"embeddable":true,"href":"https:\/\/pre.efe.com\/pt-br\/wp-json\/wp\/v2\/comments?post=41096"}],"version-history":[{"count":3,"href":"https:\/\/pre.efe.com\/pt-br\/wp-json\/wp\/v2\/pages\/41096\/revisions"}],"predecessor-version":[{"id":80388,"href":"https:\/\/pre.efe.com\/pt-br\/wp-json\/wp\/v2\/pages\/41096\/revisions\/80388"}],"wp:attachment":[{"href":"https:\/\/pre.efe.com\/pt-br\/wp-json\/wp\/v2\/media?parent=41096"}],"curies":[{"name":"wp","href":"https:\/\/api.w.org\/{rel}","templated":true}]}}